{"id":6238,"date":"2024-04-04T15:36:32","date_gmt":"2024-04-04T13:36:32","guid":{"rendered":"https:\/\/fya31.com\/?page_id=6238"},"modified":"2024-04-08T16:00:07","modified_gmt":"2024-04-08T14:00:07","slug":"extracurriculares","status":"publish","type":"page","link":"https:\/\/fya31.com\/index.php\/extracurriculares\/","title":{"rendered":"Extracurriculares"},"content":{"rendered":"\t\t<div data-elementor-type=\"wp-page\" data-elementor-id=\"6238\" class=\"elementor elementor-6238\" data-elementor-post-type=\"page\">\n\t\t\t\t<div class=\"elementor-element elementor-element-9bc2f2c e-flex e-con-boxed e-con e-parent\" data-id=\"9bc2f2c\" data-element_type=\"container\">\n\t\t\t\t\t<div class=\"e-con-inner\">\n\t\t\t\t<div class=\"elementor-element elementor-element-ebd4f6c elementor-widget elementor-widget-heading\" data-id=\"ebd4f6c\" data-element_type=\"widget\" data-widget_type=\"heading.default\">\n\t\t\t\t<div class=\"elementor-widget-container\">\n\t\t\t\t\t<h2 class=\"elementor-heading-title elementor-size-default\">Extensi\u00f3n Estudiantil<\/h2>\t\t\t\t<\/div>\n\t\t\t\t<\/div>\n\t\t\t\t<div class=\"elementor-element elementor-element-0618622 elementor-widget elementor-widget-text-editor\" data-id=\"0618622\" data-element_type=\"widget\" data-widget_type=\"text-editor.default\">\n\t\t\t\t<div class=\"elementor-widget-container\">\n\t\t\t\t\t\t\t\t\t<p>Bienvenidos a la secci\u00f3n de\u00a0<strong>Extracurriculares<\/strong>\u00a0de la Instituci\u00f3n Educativa &#8220;Nuestra Se\u00f1ora de Guadalupe&#8221; Fe y Alegr\u00eda 31. En nuestro\u00a0<b>compromiso con una educaci\u00f3n integral<\/b>, ofrecemos una diversa gama de\u00a0<b>actividades extracurriculares<\/b>\u00a0dise\u00f1adas para complementar la formaci\u00f3n acad\u00e9mica de nuestros estudiantes. Aqu\u00ed, cada joven tiene la oportunidad de\u00a0<b>explorar sus pasiones<\/b>,\u00a0<b>desarrollar nuevas habilidades y fortalecer su sentido de comunidad y pertenencia<\/b>.<\/p><p>Desde talleres art\u00edsticos hasta clubes de ciencia y tecnolog\u00eda, as\u00ed como tambi\u00e9n de periodismo, nuestras actividades est\u00e1n pensadas para que todos encuentren un espacio donde crecer tanto personal como socialmente. Invitamos a nuestros estudiantes a descubrir, participar y disfrutar de estas experiencias enriquecedoras que esperan por ellos. \u00a1Sum\u00e9rgete en el mundo de oportunidades que nuestra instituci\u00f3n tiene para ofrecerte!<\/p>\t\t\t\t\t\t\t\t<\/div>\n\t\t\t\t<\/div>\n\t\t\t\t\t<\/div>\n\t\t\t\t<\/div>\n\t\t<div class=\"elementor-element elementor-element-4339eb3 e-flex e-con-boxed e-con e-parent\" data-id=\"4339eb3\" data-element_type=\"container\">\n\t\t\t\t\t<div class=\"e-con-inner\">\n\t\t<div class=\"elementor-element elementor-element-07ac74c e-con-full e-flex e-con e-child\" data-id=\"07ac74c\" data-element_type=\"container\">\n\t\t\t\t<div class=\"elementor-element elementor-element-e702fdb elementor-widget elementor-widget-image\" data-id=\"e702fdb\" data-element_type=\"widget\" data-widget_type=\"image.default\">\n\t\t\t\t<div class=\"elementor-widget-container\">\n\t\t\t\t\t\t\t\t\t\t\t\t\t\t\t<img fetchpriority=\"high\" decoding=\"async\" width=\"800\" height=\"599\" src=\"https:\/\/fya31.com\/wp-content\/uploads\/2024\/04\/TALLER-DE-DANZAS-1024x767.jpg\" class=\"attachment-large size-large wp-image-6247\" alt=\"\" srcset=\"https:\/\/fya31.com\/wp-content\/uploads\/2024\/04\/TALLER-DE-DANZAS-1024x767.jpg 1024w, https:\/\/fya31.com\/wp-content\/uploads\/2024\/04\/TALLER-DE-DANZAS-300x225.jpg 300w, https:\/\/fya31.com\/wp-content\/uploads\/2024\/04\/TALLER-DE-DANZAS-768x576.jpg 768w, https:\/\/fya31.com\/wp-content\/uploads\/2024\/04\/TALLER-DE-DANZAS.jpg 1445w\" sizes=\"(max-width: 800px) 100vw, 800px\" \/>\t\t\t\t\t\t\t\t\t\t\t\t\t\t\t<\/div>\n\t\t\t\t<\/div>\n\t\t\t\t<\/div>\n\t\t<div class=\"elementor-element elementor-element-e0751b4 e-con-full e-flex e-con e-child\" data-id=\"e0751b4\" data-element_type=\"container\">\n\t\t\t\t<div class=\"elementor-element elementor-element-11c1963 elementor-widget elementor-widget-heading\" data-id=\"11c1963\" data-element_type=\"widget\" data-widget_type=\"heading.default\">\n\t\t\t\t<div class=\"elementor-widget-container\">\n\t\t\t\t\t<h2 class=\"elementor-heading-title elementor-size-default\">Taller de Danzas<\/h2>\t\t\t\t<\/div>\n\t\t\t\t<\/div>\n\t\t\t\t<div class=\"elementor-element elementor-element-4450a0d elementor-widget elementor-widget-text-editor\" data-id=\"4450a0d\" data-element_type=\"widget\" data-widget_type=\"text-editor.default\">\n\t\t\t\t<div class=\"elementor-widget-container\">\n\t\t\t\t\t\t\t\t\t<p>Nuestro Taller de Danzas es un espacio vibrante y lleno de energ\u00eda donde los estudiantes tienen la oportunidad de explorar el vasto mundo de la danza. Desde los ritmos tradicionales hasta las tendencias contempor\u00e1neas, este taller abarca una amplia gama de estilos, fomentando la expresi\u00f3n personal y el respeto por las diferentes culturas a trav\u00e9s del movimiento. L<span style=\"text-align: var(--text-align); font-size: 1rem;\">os participantes desarrollan habilidades t\u00e9cnicas, fortalecen su coordinaci\u00f3n y aumentan su confianza en s\u00ed mismos, mientras se sumergen en la belleza y diversidad del arte de la danza. Este taller no solo es un lugar para aprender pasos y coreograf\u00edas; es un espacio donde se forjan amistades, se promueve el trabajo en equipo y se celebra la alegr\u00eda del movimiento.<\/span><\/p>\t\t\t\t\t\t\t\t<\/div>\n\t\t\t\t<\/div>\n\t\t\t\t<\/div>\n\t\t\t\t\t<\/div>\n\t\t\t\t<\/div>\n\t\t<div class=\"elementor-element elementor-element-b07412e e-flex e-con-boxed e-con e-parent\" data-id=\"b07412e\" data-element_type=\"container\">\n\t\t\t\t\t<div class=\"e-con-inner\">\n\t\t<div class=\"elementor-element elementor-element-9b51bc2 e-con-full e-flex e-con e-child\" data-id=\"9b51bc2\" data-element_type=\"container\">\n\t\t\t\t<div class=\"elementor-element elementor-element-1da86df elementor-widget elementor-widget-heading\" data-id=\"1da86df\" data-element_type=\"widget\" data-widget_type=\"heading.default\">\n\t\t\t\t<div class=\"elementor-widget-container\">\n\t\t\t\t\t<h2 class=\"elementor-heading-title elementor-size-default\">Taller de Banda<\/h2>\t\t\t\t<\/div>\n\t\t\t\t<\/div>\n\t\t\t\t<div class=\"elementor-element elementor-element-79bfd11 elementor-widget elementor-widget-text-editor\" data-id=\"79bfd11\" data-element_type=\"widget\" data-widget_type=\"text-editor.default\">\n\t\t\t\t<div class=\"elementor-widget-container\">\n\t\t\t\t\t\t\t\t\t<p>Nuestro Taller de Banda es una experiencia musical enriquecedora que invita a los estudiantes a sumergirse en el apasionante mundo de la m\u00fasica instrumental. Este taller est\u00e1 dise\u00f1ado para desarrollar y perfeccionar las habilidades musicales de los j\u00f3venes, abarcando una amplia variedad de instrumentos, desde vientos y cuerdas hasta percusi\u00f3n.<\/p>\n<p>Bajo la direcci\u00f3n de maestros experimentados y dedicados, los participantes aprenden no solo a dominar sus instrumentos, sino tambi\u00e9n a entender la importancia del trabajo en equipo y la armon\u00eda dentro de una banda. A trav\u00e9s de pr\u00e1cticas regulares, presentaciones en vivo y participaci\u00f3n en eventos, los estudiantes experimentan el poder unificador de la m\u00fasica y el orgullo de representar a su instituci\u00f3n.<\/p>\t\t\t\t\t\t\t\t<\/div>\n\t\t\t\t<\/div>\n\t\t\t\t<\/div>\n\t\t<div class=\"elementor-element elementor-element-f0c545b e-con-full e-flex e-con e-child\" data-id=\"f0c545b\" data-element_type=\"container\">\n\t\t\t\t<div class=\"elementor-element elementor-element-94637f8 elementor-widget elementor-widget-image\" data-id=\"94637f8\" data-element_type=\"widget\" data-widget_type=\"image.default\">\n\t\t\t\t<div class=\"elementor-widget-container\">\n\t\t\t\t\t\t\t\t\t\t\t\t\t\t\t<img decoding=\"async\" width=\"800\" height=\"600\" src=\"https:\/\/fya31.com\/wp-content\/uploads\/2024\/04\/BANDA-1024x768.jpg\" class=\"attachment-large size-large wp-image-6255\" alt=\"\" srcset=\"https:\/\/fya31.com\/wp-content\/uploads\/2024\/04\/BANDA-1024x768.jpg 1024w, https:\/\/fya31.com\/wp-content\/uploads\/2024\/04\/BANDA-300x225.jpg 300w, https:\/\/fya31.com\/wp-content\/uploads\/2024\/04\/BANDA-768x576.jpg 768w, https:\/\/fya31.com\/wp-content\/uploads\/2024\/04\/BANDA.jpg 1143w\" sizes=\"(max-width: 800px) 100vw, 800px\" \/>\t\t\t\t\t\t\t\t\t\t\t\t\t\t\t<\/div>\n\t\t\t\t<\/div>\n\t\t\t\t<\/div>\n\t\t\t\t\t<\/div>\n\t\t\t\t<\/div>\n\t\t<div class=\"elementor-element elementor-element-3297f47 e-flex e-con-boxed e-con e-parent\" data-id=\"3297f47\" data-element_type=\"container\">\n\t\t\t\t\t<div class=\"e-con-inner\">\n\t\t<div class=\"elementor-element elementor-element-70fa37f e-con-full e-flex e-con e-child\" data-id=\"70fa37f\" data-element_type=\"container\">\n\t\t\t\t<div class=\"elementor-element elementor-element-b597a79 elementor-widget elementor-widget-image\" data-id=\"b597a79\" data-element_type=\"widget\" data-widget_type=\"image.default\">\n\t\t\t\t<div class=\"elementor-widget-container\">\n\t\t\t\t\t\t\t\t\t\t\t\t\t\t\t<img decoding=\"async\" width=\"800\" height=\"600\" src=\"https:\/\/fya31.com\/wp-content\/uploads\/2024\/04\/voces-1024x768.jpg\" class=\"attachment-large size-large wp-image-6261\" alt=\"\" srcset=\"https:\/\/fya31.com\/wp-content\/uploads\/2024\/04\/voces-1024x768.jpg 1024w, https:\/\/fya31.com\/wp-content\/uploads\/2024\/04\/voces-300x225.jpg 300w, https:\/\/fya31.com\/wp-content\/uploads\/2024\/04\/voces-768x576.jpg 768w, https:\/\/fya31.com\/wp-content\/uploads\/2024\/04\/voces.jpg 1200w\" sizes=\"(max-width: 800px) 100vw, 800px\" \/>\t\t\t\t\t\t\t\t\t\t\t\t\t\t\t<\/div>\n\t\t\t\t<\/div>\n\t\t\t\t<\/div>\n\t\t<div class=\"elementor-element elementor-element-7be5747 e-con-full e-flex e-con e-child\" data-id=\"7be5747\" data-element_type=\"container\">\n\t\t\t\t<div class=\"elementor-element elementor-element-9e697cb elementor-widget elementor-widget-heading\" data-id=\"9e697cb\" data-element_type=\"widget\" data-widget_type=\"heading.default\">\n\t\t\t\t<div class=\"elementor-widget-container\">\n\t\t\t\t\t<h2 class=\"elementor-heading-title elementor-size-default\">Club de Periodismo VOCES<\/h2>\t\t\t\t<\/div>\n\t\t\t\t<\/div>\n\t\t\t\t<div class=\"elementor-element elementor-element-6c7a6ae elementor-widget elementor-widget-text-editor\" data-id=\"6c7a6ae\" data-element_type=\"widget\" data-widget_type=\"text-editor.default\">\n\t\t\t\t<div class=\"elementor-widget-container\">\n\t\t\t\t\t\t\t\t\t<p>El Club de Periodismo &#8220;VOCES&#8221; es un espacio din\u00e1mico donde los estudiantes apasionados por las letras, la investigaci\u00f3n y la comunicaci\u00f3n pueden explorar el mundo del periodismo. Este club se erige como una plataforma para que los j\u00f3venes periodistas desarrollen sus habilidades narrativas, cr\u00edticas y anal\u00edticas, abordando temas de actualidad y de inter\u00e9s comunitario.<\/p>\n<p>En &#8220;VOCES&#8221;, fomentamos la libertad de expresi\u00f3n y el periodismo \u00e9tico, brindando a los estudiantes las herramientas necesarias para investigar, redactar y publicar sus trabajos en diferentes formatos, incluyendo nuestro peri\u00f3dico escolar, el blog del club y otros medios digitales. Los miembros tienen la oportunidad de trabajar en entrevistas, reportajes, art\u00edculos de opini\u00f3n y cr\u00f3nicas, cubriendo una amplia gama de temas desde cultura y deportes hasta ciencia y tecnolog\u00eda.<\/p>\t\t\t\t\t\t\t\t<\/div>\n\t\t\t\t<\/div>\n\t\t\t\t<\/div>\n\t\t\t\t\t<\/div>\n\t\t\t\t<\/div>\n\t\t<div class=\"elementor-element elementor-element-b06a50d e-flex e-con-boxed e-con e-parent\" data-id=\"b06a50d\" data-element_type=\"container\">\n\t\t\t\t\t<div class=\"e-con-inner\">\n\t\t<div class=\"elementor-element elementor-element-a52d514 e-con-full e-flex e-con e-child\" data-id=\"a52d514\" data-element_type=\"container\">\n\t\t\t\t<div class=\"elementor-element elementor-element-160cdae elementor-widget elementor-widget-heading\" data-id=\"160cdae\" data-element_type=\"widget\" data-widget_type=\"heading.default\">\n\t\t\t\t<div class=\"elementor-widget-container\">\n\t\t\t\t\t<h2 class=\"elementor-heading-title elementor-size-default\">Club de Ciencias<\/h2>\t\t\t\t<\/div>\n\t\t\t\t<\/div>\n\t\t\t\t<div class=\"elementor-element elementor-element-dd7d72f elementor-widget elementor-widget-text-editor\" data-id=\"dd7d72f\" data-element_type=\"widget\" data-widget_type=\"text-editor.default\">\n\t\t\t\t<div class=\"elementor-widget-container\">\n\t\t\t\t\t\t\t\t\t<p>El Club de Ciencias y Tecnolog\u00eda &#8220;Ciencia y Fe&#8221; es un espacio fascinante dise\u00f1ado para mentes curiosas y apasionadas por explorar los misterios del universo. Aqu\u00ed, los estudiantes tienen la oportunidad de sumergirse en el emocionante mundo de la investigaci\u00f3n cient\u00edfica, experimentaci\u00f3n y descubrimiento.<\/p>\n<p>Este club ofrece a los j\u00f3venes cient\u00edficos la plataforma perfecta para desarrollar sus habilidades de pensamiento cr\u00edtico, resoluci\u00f3n de problemas y trabajo en equipo, m<span style=\"color: var( --e-global-color-text ); font-family: var( --e-global-typography-text-font-family ), Sans-serif; font-weight: var( --e-global-typography-text-font-weight ); font-size: 1rem;\">ediante experimentos pr\u00e1cticos, competencias cient\u00edficas, ferias de ciencias y colaboraciones con expertos en el campo<\/span><span style=\"color: var( --e-global-color-text ); font-family: var( --e-global-typography-text-font-family ), Sans-serif; font-weight: var( --e-global-typography-text-font-weight ); font-size: 1rem;\">, mientras se enfrentan a desaf\u00edos reales y proyectos de investigaci\u00f3n. Desde la qu\u00edmica y la biolog\u00eda hasta la f\u00edsica y la astronom\u00eda, el Club de Ciencias abarca un amplio espectro de disciplinas, animando a los estudiantes a profundizar en sus \u00e1reas de inter\u00e9s y a explorar nuevas fronteras del conocimiento.<\/span><\/p>\t\t\t\t\t\t\t\t<\/div>\n\t\t\t\t<\/div>\n\t\t\t\t<\/div>\n\t\t<div class=\"elementor-element elementor-element-2caaee7 e-con-full e-flex e-con e-child\" data-id=\"2caaee7\" data-element_type=\"container\">\n\t\t\t\t<div class=\"elementor-element elementor-element-b2ecee7 elementor-widget elementor-widget-image\" data-id=\"b2ecee7\" data-element_type=\"widget\" data-widget_type=\"image.default\">\n\t\t\t\t<div class=\"elementor-widget-container\">\n\t\t\t\t\t\t\t\t\t\t\t\t\t\t\t<img loading=\"lazy\" decoding=\"async\" width=\"800\" height=\"600\" src=\"https:\/\/fya31.com\/wp-content\/uploads\/2024\/04\/CIENCIAS-1024x768.jpg\" class=\"attachment-large size-large wp-image-6265\" alt=\"\" srcset=\"https:\/\/fya31.com\/wp-content\/uploads\/2024\/04\/CIENCIAS-1024x768.jpg 1024w, https:\/\/fya31.com\/wp-content\/uploads\/2024\/04\/CIENCIAS-300x225.jpg 300w, https:\/\/fya31.com\/wp-content\/uploads\/2024\/04\/CIENCIAS-768x576.jpg 768w, https:\/\/fya31.com\/wp-content\/uploads\/2024\/04\/CIENCIAS.jpg 1201w\" sizes=\"(max-width: 800px) 100vw, 800px\" \/>\t\t\t\t\t\t\t\t\t\t\t\t\t\t\t<\/div>\n\t\t\t\t<\/div>\n\t\t\t\t<\/div>\n\t\t\t\t\t<\/div>\n\t\t\t\t<\/div>\n\t\t\t\t<\/div>\n\t\t","protected":false},"excerpt":{"rendered":"<p>Extensi\u00f3n Estudiantil Bienvenidos a la secci\u00f3n de\u00a0Extracurriculares\u00a0de la Instituci\u00f3n Educativa &#8220;Nuestra Se\u00f1ora de Guadalupe&#8221; Fe y Alegr\u00eda 31. En nuestro\u00a0compromiso con una educaci\u00f3n integral, ofrecemos una diversa gama de\u00a0actividades extracurriculares\u00a0dise\u00f1adas para complementar la formaci\u00f3n acad\u00e9mica de nuestros estudiantes. Aqu\u00ed, cada joven tiene la oportunidad de\u00a0explorar sus pasiones,\u00a0desarrollar nuevas habilidades y fortalecer su sentido de comunidad [&hellip;]<\/p>\n","protected":false},"author":1,"featured_media":0,"parent":0,"menu_order":3,"comment_status":"closed","ping_status":"closed","template":"","meta":{"footnotes":""},"_links":{"self":[{"href":"https:\/\/fya31.com\/index.php\/wp-json\/wp\/v2\/pages\/6238"}],"collection":[{"href":"https:\/\/fya31.com\/index.php\/wp-json\/wp\/v2\/pages"}],"about":[{"href":"https:\/\/fya31.com\/index.php\/wp-json\/wp\/v2\/types\/page"}],"author":[{"embeddable":true,"href":"https:\/\/fya31.com\/index.php\/wp-json\/wp\/v2\/users\/1"}],"replies":[{"embeddable":true,"href":"https:\/\/fya31.com\/index.php\/wp-json\/wp\/v2\/comments?post=6238"}],"version-history":[{"count":20,"href":"https:\/\/fya31.com\/index.php\/wp-json\/wp\/v2\/pages\/6238\/revisions"}],"predecessor-version":[{"id":6269,"href":"https:\/\/fya31.com\/index.php\/wp-json\/wp\/v2\/pages\/6238\/revisions\/6269"}],"wp:attachment":[{"href":"https:\/\/fya31.com\/index.php\/wp-json\/wp\/v2\/media?parent=6238"}],"curies":[{"name":"wp","href":"https:\/\/api.w.org\/{rel}","templated":true}]}}